{"id":38,"date":"2025-01-11T10:46:21","date_gmt":"2025-01-11T16:46:21","guid":{"rendered":"http:\/\/34.176.119.49\/?page_id=38"},"modified":"2025-04-07T15:47:15","modified_gmt":"2025-04-07T21:47:15","slug":"sinergias","status":"publish","type":"page","link":"https:\/\/tada.com.mx\/?page_id=38","title":{"rendered":"Sinergias"},"content":{"rendered":"\t\t<div data-elementor-type=\"wp-page\" data-elementor-id=\"38\" class=\"elementor elementor-38\">\n\t\t\t\t<div class=\"elementor-element elementor-element-4d677d1 e-con-full e-flex e-con e-parent\" data-id=\"4d677d1\" data-element_type=\"container\">\n\t\t\t\t<div class=\"elementor-element elementor-element-3d6d5d2 animated-slow elementor-invisible elementor-widget elementor-widget-heading\" data-id=\"3d6d5d2\" data-element_type=\"widget\" data-settings=\"{&quot;_animation&quot;:&quot;fadeInLeft&quot;}\" data-widget_type=\"heading.default\">\n\t\t\t\t<div class=\"elementor-widget-container\">\n\t\t\t\t\t<h2 class=\"elementor-heading-title elementor-size-default\">SINERGIAS: Nuestra participaci\u00f3n<\/h2>\t\t\t\t<\/div>\n\t\t\t\t<\/div>\n\t\t\t\t<div class=\"elementor-element elementor-element-ed05d10 elementor-widget elementor-widget-text-editor\" data-id=\"ed05d10\" data-element_type=\"widget\" data-widget_type=\"text-editor.default\">\n\t\t\t\t<div class=\"elementor-widget-container\">\n\t\t\t\t\t\t\t\t\t<p>Explora los eventos y colaboraciones en los que hemos participado, ya sea como ponentes o asistentes. Nos enfocamos en actualizarnos continuamente, intercambiar conocimientos y fortalecer la industria a trav\u00e9s del aprendizaje y la experiencia compartida.<\/p>\t\t\t\t\t\t\t\t<\/div>\n\t\t\t\t<\/div>\n\t\t\t\t<div class=\"elementor-element elementor-element-cc2f521 gallery-spacing-custom elementor-widget elementor-widget-image-gallery\" data-id=\"cc2f521\" data-element_type=\"widget\" data-widget_type=\"image-gallery.default\">\n\t\t\t\t<div class=\"elementor-widget-container\">\n\t\t\t\t\t\t\t<div class=\"elementor-image-gallery\">\n\t\t\t<div id='gallery-1' class='gallery galleryid-38 gallery-columns-4 gallery-size-medium'><figure class='gallery-item'>\n\t\t\t<div class='gallery-icon landscape'>\n\t\t\t\t<a data-elementor-open-lightbox=\"yes\" data-elementor-lightbox-slideshow=\"cc2f521\" data-elementor-lightbox-title=\"cong-dia1\" data-e-action-hash=\"#elementor-action%3Aaction%3Dlightbox%26settings%3DeyJpZCI6MzU5LCJ1cmwiOiJodHRwczpcL1wvdGFkYS5jb20ubXhcL3dwLWNvbnRlbnRcL3VwbG9hZHNcLzIwMjVcLzAyXC9jb25nLWRpYTEuanBnIiwic2xpZGVzaG93IjoiY2MyZjUyMSJ9\" href='https:\/\/tada.com.mx\/wp-content\/uploads\/2025\/02\/cong-dia1.jpg'><img fetchpriority=\"high\" decoding=\"async\" width=\"300\" height=\"300\" src=\"https:\/\/tada.com.mx\/wp-content\/uploads\/2025\/02\/cong-dia1-300x300.jpg\" class=\"attachment-medium size-medium\" alt=\"asistencia al XII congreso mexicano del asfalto asesores comerciales\" srcset=\"https:\/\/tada.com.mx\/wp-content\/uploads\/2025\/02\/cong-dia1-300x300.jpg 300w, https:\/\/tada.com.mx\/wp-content\/uploads\/2025\/02\/cong-dia1-1024x1024.jpg 1024w, https:\/\/tada.com.mx\/wp-content\/uploads\/2025\/02\/cong-dia1-150x150.jpg 150w, https:\/\/tada.com.mx\/wp-content\/uploads\/2025\/02\/cong-dia1-768x768.jpg 768w, https:\/\/tada.com.mx\/wp-content\/uploads\/2025\/02\/cong-dia1.jpg 1080w\" sizes=\"(max-width: 300px) 100vw, 300px\" \/><\/a>\n\t\t\t<\/div><\/figure><figure class='gallery-item'>\n\t\t\t<div class='gallery-icon landscape'>\n\t\t\t\t<a data-elementor-open-lightbox=\"yes\" data-elementor-lightbox-slideshow=\"cc2f521\" data-elementor-lightbox-title=\"cong-dia1A\" data-e-action-hash=\"#elementor-action%3Aaction%3Dlightbox%26settings%3DeyJpZCI6MzYwLCJ1cmwiOiJodHRwczpcL1wvdGFkYS5jb20ubXhcL3dwLWNvbnRlbnRcL3VwbG9hZHNcLzIwMjVcLzAyXC9jb25nLWRpYTFBLmpwZyIsInNsaWRlc2hvdyI6ImNjMmY1MjEifQ%3D%3D\" href='https:\/\/tada.com.mx\/wp-content\/uploads\/2025\/02\/cong-dia1A.jpg'><img decoding=\"async\" width=\"300\" height=\"300\" src=\"https:\/\/tada.com.mx\/wp-content\/uploads\/2025\/02\/cong-dia1A-300x300.jpg\" class=\"attachment-medium size-medium\" alt=\"asistencia al XII congreso mexicano del asfalto presentaciones\" srcset=\"https:\/\/tada.com.mx\/wp-content\/uploads\/2025\/02\/cong-dia1A-300x300.jpg 300w, https:\/\/tada.com.mx\/wp-content\/uploads\/2025\/02\/cong-dia1A-1024x1024.jpg 1024w, https:\/\/tada.com.mx\/wp-content\/uploads\/2025\/02\/cong-dia1A-150x150.jpg 150w, https:\/\/tada.com.mx\/wp-content\/uploads\/2025\/02\/cong-dia1A-768x768.jpg 768w, https:\/\/tada.com.mx\/wp-content\/uploads\/2025\/02\/cong-dia1A.jpg 1080w\" sizes=\"(max-width: 300px) 100vw, 300px\" \/><\/a>\n\t\t\t<\/div><\/figure><figure class='gallery-item'>\n\t\t\t<div class='gallery-icon landscape'>\n\t\t\t\t<a data-elementor-open-lightbox=\"yes\" data-elementor-lightbox-slideshow=\"cc2f521\" data-elementor-lightbox-title=\"cong-dia1b\" data-e-action-hash=\"#elementor-action%3Aaction%3Dlightbox%26settings%3DeyJpZCI6MzYxLCJ1cmwiOiJodHRwczpcL1wvdGFkYS5jb20ubXhcL3dwLWNvbnRlbnRcL3VwbG9hZHNcLzIwMjVcLzAyXC9jb25nLWRpYTFiLmpwZyIsInNsaWRlc2hvdyI6ImNjMmY1MjEifQ%3D%3D\" href='https:\/\/tada.com.mx\/wp-content\/uploads\/2025\/02\/cong-dia1b.jpg'><img decoding=\"async\" width=\"300\" height=\"300\" src=\"https:\/\/tada.com.mx\/wp-content\/uploads\/2025\/02\/cong-dia1b-300x300.jpg\" class=\"attachment-medium size-medium\" alt=\"asistencia al XII congreso mexicano del asfalto\" srcset=\"https:\/\/tada.com.mx\/wp-content\/uploads\/2025\/02\/cong-dia1b-300x300.jpg 300w, https:\/\/tada.com.mx\/wp-content\/uploads\/2025\/02\/cong-dia1b-1024x1024.jpg 1024w, https:\/\/tada.com.mx\/wp-content\/uploads\/2025\/02\/cong-dia1b-150x150.jpg 150w, https:\/\/tada.com.mx\/wp-content\/uploads\/2025\/02\/cong-dia1b-768x768.jpg 768w, https:\/\/tada.com.mx\/wp-content\/uploads\/2025\/02\/cong-dia1b.jpg 1080w\" sizes=\"(max-width: 300px) 100vw, 300px\" \/><\/a>\n\t\t\t<\/div><\/figure><figure class='gallery-item'>\n\t\t\t<div class='gallery-icon landscape'>\n\t\t\t\t<a data-elementor-open-lightbox=\"yes\" data-elementor-lightbox-slideshow=\"cc2f521\" data-elementor-lightbox-title=\"CMA-1-1\" data-e-action-hash=\"#elementor-action%3Aaction%3Dlightbox%26settings%3DeyJpZCI6MzY4LCJ1cmwiOiJodHRwczpcL1wvdGFkYS5jb20ubXhcL3dwLWNvbnRlbnRcL3VwbG9hZHNcLzIwMjVcLzAyXC9DTUEtMS0xLmpwZyIsInNsaWRlc2hvdyI6ImNjMmY1MjEifQ%3D%3D\" href='https:\/\/tada.com.mx\/wp-content\/uploads\/2025\/02\/CMA-1-1.jpg'><img loading=\"lazy\" decoding=\"async\" width=\"300\" height=\"276\" src=\"https:\/\/tada.com.mx\/wp-content\/uploads\/2025\/02\/CMA-1-1-300x276.jpg\" class=\"attachment-medium size-medium\" alt=\"ponencia en el XII congreso nacional del asfalto\" srcset=\"https:\/\/tada.com.mx\/wp-content\/uploads\/2025\/02\/CMA-1-1-300x276.jpg 300w, https:\/\/tada.com.mx\/wp-content\/uploads\/2025\/02\/CMA-1-1-1024x941.jpg 1024w, https:\/\/tada.com.mx\/wp-content\/uploads\/2025\/02\/CMA-1-1-768x706.jpg 768w, https:\/\/tada.com.mx\/wp-content\/uploads\/2025\/02\/CMA-1-1.jpg 1088w\" sizes=\"(max-width: 300px) 100vw, 300px\" \/><\/a>\n\t\t\t<\/div><\/figure><figure class='gallery-item'>\n\t\t\t<div class='gallery-icon landscape'>\n\t\t\t\t<a data-elementor-open-lightbox=\"yes\" data-elementor-lightbox-slideshow=\"cc2f521\" data-elementor-lightbox-title=\"Hidalgo1\" data-e-action-hash=\"#elementor-action%3Aaction%3Dlightbox%26settings%3DeyJpZCI6MzYyLCJ1cmwiOiJodHRwczpcL1wvdGFkYS5jb20ubXhcL3dwLWNvbnRlbnRcL3VwbG9hZHNcLzIwMjVcLzAyXC9IaWRhbGdvMS0xLmpwZyIsInNsaWRlc2hvdyI6ImNjMmY1MjEifQ%3D%3D\" href='https:\/\/tada.com.mx\/wp-content\/uploads\/2025\/02\/Hidalgo1-1.jpg'><img loading=\"lazy\" decoding=\"async\" width=\"300\" height=\"300\" src=\"https:\/\/tada.com.mx\/wp-content\/uploads\/2025\/02\/Hidalgo1-1-300x300.jpg\" class=\"attachment-medium size-medium\" alt=\"Participaci\u00f3n en la charla t\u00e9cnica AMIVTAC Hidalgo\" srcset=\"https:\/\/tada.com.mx\/wp-content\/uploads\/2025\/02\/Hidalgo1-1-300x300.jpg 300w, https:\/\/tada.com.mx\/wp-content\/uploads\/2025\/02\/Hidalgo1-1-150x150.jpg 150w, https:\/\/tada.com.mx\/wp-content\/uploads\/2025\/02\/Hidalgo1-1-768x767.jpg 768w, https:\/\/tada.com.mx\/wp-content\/uploads\/2025\/02\/Hidalgo1-1.jpg 941w\" sizes=\"(max-width: 300px) 100vw, 300px\" \/><\/a>\n\t\t\t<\/div><\/figure><figure class='gallery-item'>\n\t\t\t<div class='gallery-icon landscape'>\n\t\t\t\t<a data-elementor-open-lightbox=\"yes\" data-elementor-lightbox-slideshow=\"cc2f521\" data-elementor-lightbox-title=\"Hidalgo3\" data-e-action-hash=\"#elementor-action%3Aaction%3Dlightbox%26settings%3DeyJpZCI6MzYzLCJ1cmwiOiJodHRwczpcL1wvdGFkYS5jb20ubXhcL3dwLWNvbnRlbnRcL3VwbG9hZHNcLzIwMjVcLzAyXC9IaWRhbGdvMy5qcGciLCJzbGlkZXNob3ciOiJjYzJmNTIxIn0%3D\" href='https:\/\/tada.com.mx\/wp-content\/uploads\/2025\/02\/Hidalgo3.jpg'><img loading=\"lazy\" decoding=\"async\" width=\"300\" height=\"300\" src=\"https:\/\/tada.com.mx\/wp-content\/uploads\/2025\/02\/Hidalgo3-300x300.jpg\" class=\"attachment-medium size-medium\" alt=\"ponencia en la charla t\u00e9cnica AMIVTAC Hidalgo\" srcset=\"https:\/\/tada.com.mx\/wp-content\/uploads\/2025\/02\/Hidalgo3-300x300.jpg 300w, https:\/\/tada.com.mx\/wp-content\/uploads\/2025\/02\/Hidalgo3-150x150.jpg 150w, https:\/\/tada.com.mx\/wp-content\/uploads\/2025\/02\/Hidalgo3-768x767.jpg 768w, https:\/\/tada.com.mx\/wp-content\/uploads\/2025\/02\/Hidalgo3.jpg 941w\" sizes=\"(max-width: 300px) 100vw, 300px\" \/><\/a>\n\t\t\t<\/div><\/figure><figure class='gallery-item'>\n\t\t\t<div class='gallery-icon landscape'>\n\t\t\t\t<a data-elementor-open-lightbox=\"yes\" data-elementor-lightbox-slideshow=\"cc2f521\" data-elementor-lightbox-title=\"Hidalgo4\" data-e-action-hash=\"#elementor-action%3Aaction%3Dlightbox%26settings%3DeyJpZCI6MzY0LCJ1cmwiOiJodHRwczpcL1wvdGFkYS5jb20ubXhcL3dwLWNvbnRlbnRcL3VwbG9hZHNcLzIwMjVcLzAyXC9IaWRhbGdvNC0xLmpwZyIsInNsaWRlc2hvdyI6ImNjMmY1MjEifQ%3D%3D\" href='https:\/\/tada.com.mx\/wp-content\/uploads\/2025\/02\/Hidalgo4-1.jpg'><img loading=\"lazy\" decoding=\"async\" width=\"300\" height=\"300\" src=\"https:\/\/tada.com.mx\/wp-content\/uploads\/2025\/02\/Hidalgo4-1-300x300.jpg\" class=\"attachment-medium size-medium\" alt=\"Participaci\u00f3n en la charla t\u00e9cnica AMIVTAC Hidalgo\" srcset=\"https:\/\/tada.com.mx\/wp-content\/uploads\/2025\/02\/Hidalgo4-1-300x300.jpg 300w, https:\/\/tada.com.mx\/wp-content\/uploads\/2025\/02\/Hidalgo4-1-150x150.jpg 150w, https:\/\/tada.com.mx\/wp-content\/uploads\/2025\/02\/Hidalgo4-1-768x767.jpg 768w, https:\/\/tada.com.mx\/wp-content\/uploads\/2025\/02\/Hidalgo4-1.jpg 941w\" sizes=\"(max-width: 300px) 100vw, 300px\" \/><\/a>\n\t\t\t<\/div><\/figure><figure class='gallery-item'>\n\t\t\t<div class='gallery-icon landscape'>\n\t\t\t\t<a data-elementor-open-lightbox=\"yes\" data-elementor-lightbox-slideshow=\"cc2f521\" data-elementor-lightbox-title=\"RNAV-3-1\" data-e-action-hash=\"#elementor-action%3Aaction%3Dlightbox%26settings%3DeyJpZCI6MzY3LCJ1cmwiOiJodHRwczpcL1wvdGFkYS5jb20ubXhcL3dwLWNvbnRlbnRcL3VwbG9hZHNcLzIwMjVcLzAyXC9STkFWLTMtMS5qcGciLCJzbGlkZXNob3ciOiJjYzJmNTIxIn0%3D\" href='https:\/\/tada.com.mx\/wp-content\/uploads\/2025\/02\/RNAV-3-1.jpg'><img loading=\"lazy\" decoding=\"async\" width=\"300\" height=\"260\" src=\"https:\/\/tada.com.mx\/wp-content\/uploads\/2025\/02\/RNAV-3-1-300x260.jpg\" class=\"attachment-medium size-medium\" alt=\"foto de asistencia en el XXIV reuni\u00f3n nacional de ingenier\u00eda con valor social\" srcset=\"https:\/\/tada.com.mx\/wp-content\/uploads\/2025\/02\/RNAV-3-1-300x260.jpg 300w, https:\/\/tada.com.mx\/wp-content\/uploads\/2025\/02\/RNAV-3-1-1024x888.jpg 1024w, https:\/\/tada.com.mx\/wp-content\/uploads\/2025\/02\/RNAV-3-1-768x666.jpg 768w, https:\/\/tada.com.mx\/wp-content\/uploads\/2025\/02\/RNAV-3-1.jpg 1107w\" sizes=\"(max-width: 300px) 100vw, 300px\" \/><\/a>\n\t\t\t<\/div><\/figure><figure class='gallery-item'>\n\t\t\t<div class='gallery-icon landscape'>\n\t\t\t\t<a data-elementor-open-lightbox=\"yes\" data-elementor-lightbox-slideshow=\"cc2f521\" data-elementor-lightbox-title=\"RNAV2-6-1\" data-e-action-hash=\"#elementor-action%3Aaction%3Dlightbox%26settings%3DeyJpZCI6MzcwLCJ1cmwiOiJodHRwczpcL1wvdGFkYS5jb20ubXhcL3dwLWNvbnRlbnRcL3VwbG9hZHNcLzIwMjVcLzAyXC9STkFWMi02LTEuanBnIiwic2xpZGVzaG93IjoiY2MyZjUyMSJ9\" href='https:\/\/tada.com.mx\/wp-content\/uploads\/2025\/02\/RNAV2-6-1.jpg'><img loading=\"lazy\" decoding=\"async\" width=\"300\" height=\"282\" src=\"https:\/\/tada.com.mx\/wp-content\/uploads\/2025\/02\/RNAV2-6-1-300x282.jpg\" class=\"attachment-medium size-medium\" alt=\"participacion en el XXIV reunion nacional de ingenieria con valor\" srcset=\"https:\/\/tada.com.mx\/wp-content\/uploads\/2025\/02\/RNAV2-6-1-300x282.jpg 300w, https:\/\/tada.com.mx\/wp-content\/uploads\/2025\/02\/RNAV2-6-1-1024x964.jpg 1024w, https:\/\/tada.com.mx\/wp-content\/uploads\/2025\/02\/RNAV2-6-1-768x723.jpg 768w, https:\/\/tada.com.mx\/wp-content\/uploads\/2025\/02\/RNAV2-6-1.jpg 1062w\" sizes=\"(max-width: 300px) 100vw, 300px\" \/><\/a>\n\t\t\t<\/div><\/figure><figure class='gallery-item'>\n\t\t\t<div class='gallery-icon landscape'>\n\t\t\t\t<a data-elementor-open-lightbox=\"yes\" data-elementor-lightbox-slideshow=\"cc2f521\" data-elementor-lightbox-title=\"RNAV2-8-1\" data-e-action-hash=\"#elementor-action%3Aaction%3Dlightbox%26settings%3DeyJpZCI6MzcxLCJ1cmwiOiJodHRwczpcL1wvdGFkYS5jb20ubXhcL3dwLWNvbnRlbnRcL3VwbG9hZHNcLzIwMjVcLzAyXC9STkFWMi04LTEuanBnIiwic2xpZGVzaG93IjoiY2MyZjUyMSJ9\" href='https:\/\/tada.com.mx\/wp-content\/uploads\/2025\/02\/RNAV2-8-1.jpg'><img loading=\"lazy\" decoding=\"async\" width=\"300\" height=\"290\" src=\"https:\/\/tada.com.mx\/wp-content\/uploads\/2025\/02\/RNAV2-8-1-300x290.jpg\" class=\"attachment-medium size-medium\" alt=\"participacion en el XXIV reunion nacional de ingenieria con valor\" srcset=\"https:\/\/tada.com.mx\/wp-content\/uploads\/2025\/02\/RNAV2-8-1-300x290.jpg 300w, https:\/\/tada.com.mx\/wp-content\/uploads\/2025\/02\/RNAV2-8-1-1024x989.jpg 1024w, https:\/\/tada.com.mx\/wp-content\/uploads\/2025\/02\/RNAV2-8-1-768x742.jpg 768w, https:\/\/tada.com.mx\/wp-content\/uploads\/2025\/02\/RNAV2-8-1.jpg 1035w\" sizes=\"(max-width: 300px) 100vw, 300px\" \/><\/a>\n\t\t\t<\/div><\/figure>\n\t\t<\/div>\n\t\t<\/div>\n\t\t\t\t\t\t<\/div>\n\t\t\t\t<\/div>\n\t\t\t\t<\/div>\n\t\t<div class=\"elementor-element elementor-element-296870f e-flex e-con-boxed e-con e-parent\" data-id=\"296870f\" data-element_type=\"container\" data-settings=\"{&quot;background_background&quot;:&quot;classic&quot;}\">\n\t\t\t\t\t<div class=\"e-con-inner\">\n\t\t\t\t<div class=\"elementor-element elementor-element-23132fe elementor-widget elementor-widget-heading\" data-id=\"23132fe\" data-element_type=\"widget\" data-widget_type=\"heading.default\">\n\t\t\t\t<div class=\"elementor-widget-container\">\n\t\t\t\t\t<h2 class=\"elementor-heading-title elementor-size-default\">CURSOS Y CHARLAS T\u00c9CNICAS<\/h2>\t\t\t\t<\/div>\n\t\t\t\t<\/div>\n\t\t\t\t<div class=\"elementor-element elementor-element-dcf2c48 elementor-widget__width-initial elementor-widget elementor-widget-text-editor\" data-id=\"dcf2c48\" data-element_type=\"widget\" data-widget_type=\"text-editor.default\">\n\t\t\t\t<div class=\"elementor-widget-container\">\n\t\t\t\t\t\t\t\t\t<p>Colaboramos con otras organizaciones para la impartici\u00f3n de cursos y charlas t\u00e9cnicas, cursos de post-profesionalizaci\u00f3n dirigidos a profesionales, acad\u00e9micos y estudiantes.<\/p>\t\t\t\t\t\t\t\t<\/div>\n\t\t\t\t<\/div>\n\t\t<div class=\"elementor-element elementor-element-c419558 e-con-full e-flex e-con e-child\" data-id=\"c419558\" data-element_type=\"container\">\n\t\t\t\t<div class=\"elementor-element elementor-element-0d697fd elementor-widget elementor-widget-n-accordion\" data-id=\"0d697fd\" data-element_type=\"widget\" data-settings=\"{&quot;default_state&quot;:&quot;expanded&quot;,&quot;max_items_expended&quot;:&quot;one&quot;,&quot;n_accordion_animation_duration&quot;:{&quot;unit&quot;:&quot;ms&quot;,&quot;size&quot;:400,&quot;sizes&quot;:[]}}\" data-widget_type=\"nested-accordion.default\">\n\t\t\t\t<div class=\"elementor-widget-container\">\n\t\t\t\t\t\t\t<div class=\"e-n-accordion\" aria-label=\"Accordion. Open links with Enter or Space, close with Escape, and navigate with Arrow Keys\">\n\t\t\t\t\t\t<details id=\"e-n-accordion-item-1400\" class=\"e-n-accordion-item\" open>\n\t\t\t\t<summary class=\"e-n-accordion-item-title\" data-accordion-index=\"1\" tabindex=\"0\" aria-expanded=\"true\" aria-controls=\"e-n-accordion-item-1400\" >\n\t\t\t\t\t<span class='e-n-accordion-item-title-header'><div class=\"e-n-accordion-item-title-text\"> \"Dise\u00f1o y control de calidad de mezclas asf\u00e1lticas en caliente\" - julio 2023 <\/div><\/span>\n\t\t\t\t\t\t\t<span class='e-n-accordion-item-title-icon'>\n\t\t\t<span class='e-opened' ><svg aria-hidden=\"true\" class=\"e-font-icon-svg e-fas-chevron-circle-up\" viewBox=\"0 0 512 512\" xmlns=\"http:\/\/www.w3.org\/2000\/svg\"><path d=\"M8 256C8 119 119 8 256 8s248 111 248 248-111 248-248 248S8 393 8 256zm231-113.9L103.5 277.6c-9.4 9.4-9.4 24.6 0 33.9l17 17c9.4 9.4 24.6 9.4 33.9 0L256 226.9l101.6 101.6c9.4 9.4 24.6 9.4 33.9 0l17-17c9.4-9.4 9.4-24.6 0-33.9L273 142.1c-9.4-9.4-24.6-9.4-34 0z\"><\/path><\/svg><\/span>\n\t\t\t<span class='e-closed'><svg aria-hidden=\"true\" class=\"e-font-icon-svg e-fas-chevron-circle-down\" viewBox=\"0 0 512 512\" xmlns=\"http:\/\/www.w3.org\/2000\/svg\"><path d=\"M504 256c0 137-111 248-248 248S8 393 8 256 119 8 256 8s248 111 248 248zM273 369.9l135.5-135.5c9.4-9.4 9.4-24.6 0-33.9l-17-17c-9.4-9.4-24.6-9.4-33.9 0L256 285.1 154.4 183.5c-9.4-9.4-24.6-9.4-33.9 0l-17 17c-9.4 9.4-9.4 24.6 0 33.9L239 369.9c9.4 9.4 24.6 9.4 34 0z\"><\/path><\/svg><\/span>\n\t\t<\/span>\n\n\t\t\t\t\t\t<\/summary>\n\t\t\t\t<div role=\"region\" aria-labelledby=\"e-n-accordion-item-1400\" class=\"elementor-element elementor-element-fa2cf84 e-con-full e-flex e-con e-child\" data-id=\"fa2cf84\" data-element_type=\"container\">\n\t\t<div role=\"region\" aria-labelledby=\"e-n-accordion-item-1400\" class=\"elementor-element elementor-element-13332df e-con-full e-flex e-con e-child\" data-id=\"13332df\" data-element_type=\"container\">\n\t\t\t\t<div class=\"elementor-element elementor-element-553ea37 elementor-widget elementor-widget-text-editor\" data-id=\"553ea37\" data-element_type=\"widget\" data-widget_type=\"text-editor.default\">\n\t\t\t\t<div class=\"elementor-widget-container\">\n\t\t\t\t\t\t\t\t\t<p><span style=\"font-weight: 400;\">El curso post-profesional &#8220;Dise\u00f1o y control de calidad de mezclas asf\u00e1lticas en caliente&#8221;, tuvo lugar los d\u00edas 27 y 28 de julio del 2023, en el Centro SICT de Aguascalientes. Con un temario muy completo, los ingenieros de TADA llevaron a cabo algunas ponencias, teniendo como invitados al Dr. Horacio Delgado y al Dr. Rosemberg.<\/span><\/p>\t\t\t\t\t\t\t\t<\/div>\n\t\t\t\t<\/div>\n\t\t\t\t<\/div>\n\t\t<div role=\"region\" aria-labelledby=\"e-n-accordion-item-1400\" class=\"elementor-element elementor-element-1a1540a e-con-full e-flex e-con e-child\" data-id=\"1a1540a\" data-element_type=\"container\">\n\t\t\t\t<div class=\"elementor-element elementor-element-a1229b3 elementor-widget__width-initial elementor-widget elementor-widget-image\" data-id=\"a1229b3\" data-element_type=\"widget\" data-widget_type=\"image.default\">\n\t\t\t\t<div class=\"elementor-widget-container\">\n\t\t\t\t\t\t\t\t\t\t\t\t\t\t\t<img loading=\"lazy\" decoding=\"async\" width=\"800\" height=\"600\" src=\"https:\/\/tada.com.mx\/wp-content\/uploads\/2025\/03\/CIERRE-3-1024x768.jpg\" class=\"attachment-large size-large wp-image-548\" alt=\"Fotograf\u00eda del cierre del curso-postprofesional-2023\" srcset=\"https:\/\/tada.com.mx\/wp-content\/uploads\/2025\/03\/CIERRE-3-1024x768.jpg 1024w, https:\/\/tada.com.mx\/wp-content\/uploads\/2025\/03\/CIERRE-3-300x225.jpg 300w, https:\/\/tada.com.mx\/wp-content\/uploads\/2025\/03\/CIERRE-3-768x576.jpg 768w, https:\/\/tada.com.mx\/wp-content\/uploads\/2025\/03\/CIERRE-3-1536x1152.jpg 1536w, https:\/\/tada.com.mx\/wp-content\/uploads\/2025\/03\/CIERRE-3.jpg 1600w\" sizes=\"(max-width: 800px) 100vw, 800px\" \/>\t\t\t\t\t\t\t\t\t\t\t\t\t\t\t<\/div>\n\t\t\t\t<\/div>\n\t\t\t\t<\/div>\n\t\t\t\t<\/div>\n\t\t\t\t\t<\/details>\n\t\t\t\t\t\t<details id=\"e-n-accordion-item-1401\" class=\"e-n-accordion-item\" >\n\t\t\t\t<summary class=\"e-n-accordion-item-title\" data-accordion-index=\"2\" tabindex=\"-1\" aria-expanded=\"false\" aria-controls=\"e-n-accordion-item-1401\" >\n\t\t\t\t\t<span class='e-n-accordion-item-title-header'><div class=\"e-n-accordion-item-title-text\"> \u201cDise\u00f1o de mezclas HMA-RAP y materiales para pavimentos\u201d - feb 2024 <\/div><\/span>\n\t\t\t\t\t\t\t<span class='e-n-accordion-item-title-icon'>\n\t\t\t<span class='e-opened' ><svg aria-hidden=\"true\" class=\"e-font-icon-svg e-fas-chevron-circle-up\" viewBox=\"0 0 512 512\" xmlns=\"http:\/\/www.w3.org\/2000\/svg\"><path d=\"M8 256C8 119 119 8 256 8s248 111 248 248-111 248-248 248S8 393 8 256zm231-113.9L103.5 277.6c-9.4 9.4-9.4 24.6 0 33.9l17 17c9.4 9.4 24.6 9.4 33.9 0L256 226.9l101.6 101.6c9.4 9.4 24.6 9.4 33.9 0l17-17c9.4-9.4 9.4-24.6 0-33.9L273 142.1c-9.4-9.4-24.6-9.4-34 0z\"><\/path><\/svg><\/span>\n\t\t\t<span class='e-closed'><svg aria-hidden=\"true\" class=\"e-font-icon-svg e-fas-chevron-circle-down\" viewBox=\"0 0 512 512\" xmlns=\"http:\/\/www.w3.org\/2000\/svg\"><path d=\"M504 256c0 137-111 248-248 248S8 393 8 256 119 8 256 8s248 111 248 248zM273 369.9l135.5-135.5c9.4-9.4 9.4-24.6 0-33.9l-17-17c-9.4-9.4-24.6-9.4-33.9 0L256 285.1 154.4 183.5c-9.4-9.4-24.6-9.4-33.9 0l-17 17c-9.4 9.4-9.4 24.6 0 33.9L239 369.9c9.4 9.4 24.6 9.4 34 0z\"><\/path><\/svg><\/span>\n\t\t<\/span>\n\n\t\t\t\t\t\t<\/summary>\n\t\t\t\t<div role=\"region\" aria-labelledby=\"e-n-accordion-item-1401\" class=\"elementor-element elementor-element-5497214 e-con-full e-flex e-con e-child\" data-id=\"5497214\" data-element_type=\"container\">\n\t\t<div role=\"region\" aria-labelledby=\"e-n-accordion-item-1401\" class=\"elementor-element elementor-element-b1eed52 e-con-full e-flex e-con e-child\" data-id=\"b1eed52\" data-element_type=\"container\">\n\t\t\t\t<div class=\"elementor-element elementor-element-48b8135 elementor-widget elementor-widget-text-editor\" data-id=\"48b8135\" data-element_type=\"widget\" data-widget_type=\"text-editor.default\">\n\t\t\t\t<div class=\"elementor-widget-container\">\n\t\t\t\t\t\t\t\t\t<p><span style=\"font-weight: 400;\">El seminario de \u201cDise\u00f1o de mezclas HMA-RAP y materiales para pavimentos\u201d se present\u00f3 del 29 de febrero al 01 de marzo del 2024 en el Auditorio Posgrado del Instituto de Ingenier\u00eda Civil UANL, en San Nicol\u00e1s de la Garza, Nuevo Le\u00f3n. Con un itinerario completo impartido por los ingenieros de TADA y del IMT, con el objetivo de dar seguimiento en la formaci\u00f3n de temas tan relevantes en la industria.<\/span><\/p>\t\t\t\t\t\t\t\t<\/div>\n\t\t\t\t<\/div>\n\t\t\t\t<\/div>\n\t\t<div role=\"region\" aria-labelledby=\"e-n-accordion-item-1401\" class=\"elementor-element elementor-element-c83a9b3 e-con-full e-flex e-con e-child\" data-id=\"c83a9b3\" data-element_type=\"container\">\n\t\t\t\t<div class=\"elementor-element elementor-element-cd71f7a elementor-widget elementor-widget-image\" data-id=\"cd71f7a\" data-element_type=\"widget\" data-widget_type=\"image.default\">\n\t\t\t\t<div class=\"elementor-widget-container\">\n\t\t\t\t\t\t\t\t\t\t\t\t\t\t\t<img loading=\"lazy\" decoding=\"async\" width=\"1545\" height=\"2000\" src=\"https:\/\/tada.com.mx\/wp-content\/uploads\/2025\/03\/Yellow-and-Black-Flyer-Curso-Propuesta-2-2.jpg\" class=\"attachment-full size-full wp-image-549\" alt=\"Flyer del seminario Dise\u00f1o de mezclas HMA-RAP y materiales para pavimentos.\" srcset=\"https:\/\/tada.com.mx\/wp-content\/uploads\/2025\/03\/Yellow-and-Black-Flyer-Curso-Propuesta-2-2.jpg 1545w, https:\/\/tada.com.mx\/wp-content\/uploads\/2025\/03\/Yellow-and-Black-Flyer-Curso-Propuesta-2-2-232x300.jpg 232w, https:\/\/tada.com.mx\/wp-content\/uploads\/2025\/03\/Yellow-and-Black-Flyer-Curso-Propuesta-2-2-791x1024.jpg 791w, https:\/\/tada.com.mx\/wp-content\/uploads\/2025\/03\/Yellow-and-Black-Flyer-Curso-Propuesta-2-2-768x994.jpg 768w, https:\/\/tada.com.mx\/wp-content\/uploads\/2025\/03\/Yellow-and-Black-Flyer-Curso-Propuesta-2-2-1187x1536.jpg 1187w\" sizes=\"(max-width: 1545px) 100vw, 1545px\" \/>\t\t\t\t\t\t\t\t\t\t\t\t\t\t\t<\/div>\n\t\t\t\t<\/div>\n\t\t\t\t<\/div>\n\t\t\t\t<\/div>\n\t\t\t\t\t<\/details>\n\t\t\t\t\t\t<details id=\"e-n-accordion-item-1402\" class=\"e-n-accordion-item\" >\n\t\t\t\t<summary class=\"e-n-accordion-item-title\" data-accordion-index=\"3\" tabindex=\"-1\" aria-expanded=\"false\" aria-controls=\"e-n-accordion-item-1402\" >\n\t\t\t\t\t<span class='e-n-accordion-item-title-header'><div class=\"e-n-accordion-item-title-text\"> \u201cCiclo de vida en el dise\u00f1o y conservaci\u00f3n de pavimentos asf\u00e1lticos\u201d - abril 2024 <\/div><\/span>\n\t\t\t\t\t\t\t<span class='e-n-accordion-item-title-icon'>\n\t\t\t<span class='e-opened' ><svg aria-hidden=\"true\" class=\"e-font-icon-svg e-fas-chevron-circle-up\" viewBox=\"0 0 512 512\" xmlns=\"http:\/\/www.w3.org\/2000\/svg\"><path d=\"M8 256C8 119 119 8 256 8s248 111 248 248-111 248-248 248S8 393 8 256zm231-113.9L103.5 277.6c-9.4 9.4-9.4 24.6 0 33.9l17 17c9.4 9.4 24.6 9.4 33.9 0L256 226.9l101.6 101.6c9.4 9.4 24.6 9.4 33.9 0l17-17c9.4-9.4 9.4-24.6 0-33.9L273 142.1c-9.4-9.4-24.6-9.4-34 0z\"><\/path><\/svg><\/span>\n\t\t\t<span class='e-closed'><svg aria-hidden=\"true\" class=\"e-font-icon-svg e-fas-chevron-circle-down\" viewBox=\"0 0 512 512\" xmlns=\"http:\/\/www.w3.org\/2000\/svg\"><path d=\"M504 256c0 137-111 248-248 248S8 393 8 256 119 8 256 8s248 111 248 248zM273 369.9l135.5-135.5c9.4-9.4 9.4-24.6 0-33.9l-17-17c-9.4-9.4-24.6-9.4-33.9 0L256 285.1 154.4 183.5c-9.4-9.4-24.6-9.4-33.9 0l-17 17c-9.4 9.4-9.4 24.6 0 33.9L239 369.9c9.4 9.4 24.6 9.4 34 0z\"><\/path><\/svg><\/span>\n\t\t<\/span>\n\n\t\t\t\t\t\t<\/summary>\n\t\t\t\t<div role=\"region\" aria-labelledby=\"e-n-accordion-item-1402\" class=\"elementor-element elementor-element-1eee156 e-con-full e-flex e-con e-child\" data-id=\"1eee156\" data-element_type=\"container\">\n\t\t<div role=\"region\" aria-labelledby=\"e-n-accordion-item-1402\" class=\"elementor-element elementor-element-795e9b6 e-con-full e-flex e-con e-child\" data-id=\"795e9b6\" data-element_type=\"container\">\n\t\t\t\t<div class=\"elementor-element elementor-element-d13e5e2 elementor-widget elementor-widget-text-editor\" data-id=\"d13e5e2\" data-element_type=\"widget\" data-widget_type=\"text-editor.default\">\n\t\t\t\t<div class=\"elementor-widget-container\">\n\t\t\t\t\t\t\t\t\t<p><span style=\"font-weight: 400;\">El seminario \u201cCiclo de vida en el dise\u00f1o y conservaci\u00f3n de paviemntos asf\u00e1lticos\u201d, tuvo lugar el viernes 26 de abril de 2024 en el Auditorio Centro SICT en La Paz, Baja California. Algunos de los temas que dieron lugar en este seminario fueron \u201cMateriales p\u00e9treos\u201d y \u201cTratamientos superficiales\u201d a cargo de los ingenieros especializados de TADA.<\/span><\/p>\t\t\t\t\t\t\t\t<\/div>\n\t\t\t\t<\/div>\n\t\t\t\t<\/div>\n\t\t<div role=\"region\" aria-labelledby=\"e-n-accordion-item-1402\" class=\"elementor-element elementor-element-d940fb4 e-con-full e-flex e-con e-child\" data-id=\"d940fb4\" data-element_type=\"container\">\n\t\t\t\t<div class=\"elementor-element elementor-element-d190f1b elementor-widget elementor-widget-image\" data-id=\"d190f1b\" data-element_type=\"widget\" data-widget_type=\"image.default\">\n\t\t\t\t<div class=\"elementor-widget-container\">\n\t\t\t\t\t\t\t\t\t\t\t\t\t\t\t<img loading=\"lazy\" decoding=\"async\" width=\"724\" height=\"1024\" src=\"https:\/\/tada.com.mx\/wp-content\/uploads\/2025\/03\/FLYER-abstracto-724x1024.jpg\" class=\"attachment-large size-large wp-image-550\" alt=\"flyer ilustrativo del seminario Ciclo de vida en el dise\u00f1o y conservaci\u00f3n de pavimentos asf\u00e1lticos-\" srcset=\"https:\/\/tada.com.mx\/wp-content\/uploads\/2025\/03\/FLYER-abstracto-724x1024.jpg 724w, https:\/\/tada.com.mx\/wp-content\/uploads\/2025\/03\/FLYER-abstracto-212x300.jpg 212w, https:\/\/tada.com.mx\/wp-content\/uploads\/2025\/03\/FLYER-abstracto-768x1086.jpg 768w, https:\/\/tada.com.mx\/wp-content\/uploads\/2025\/03\/FLYER-abstracto-1086x1536.jpg 1086w, https:\/\/tada.com.mx\/wp-content\/uploads\/2025\/03\/FLYER-abstracto-1448x2048.jpg 1448w, https:\/\/tada.com.mx\/wp-content\/uploads\/2025\/03\/FLYER-abstracto-scaled.jpg 1810w\" sizes=\"(max-width: 724px) 100vw, 724px\" \/>\t\t\t\t\t\t\t\t\t\t\t\t\t\t\t<\/div>\n\t\t\t\t<\/div>\n\t\t\t\t<\/div>\n\t\t\t\t<\/div>\n\t\t\t\t\t<\/details>\n\t\t\t\t\t\t<details id=\"e-n-accordion-item-1403\" class=\"e-n-accordion-item\" >\n\t\t\t\t<summary class=\"e-n-accordion-item-title\" data-accordion-index=\"4\" tabindex=\"-1\" aria-expanded=\"false\" aria-controls=\"e-n-accordion-item-1403\" >\n\t\t\t\t\t<span class='e-n-accordion-item-title-header'><div class=\"e-n-accordion-item-title-text\"> \u201cGeneralidades de asfaltos y mezclas asf\u00e1lticas\u201d - ago 2024 <\/div><\/span>\n\t\t\t\t\t\t\t<span class='e-n-accordion-item-title-icon'>\n\t\t\t<span class='e-opened' ><svg aria-hidden=\"true\" class=\"e-font-icon-svg e-fas-chevron-circle-up\" viewBox=\"0 0 512 512\" xmlns=\"http:\/\/www.w3.org\/2000\/svg\"><path d=\"M8 256C8 119 119 8 256 8s248 111 248 248-111 248-248 248S8 393 8 256zm231-113.9L103.5 277.6c-9.4 9.4-9.4 24.6 0 33.9l17 17c9.4 9.4 24.6 9.4 33.9 0L256 226.9l101.6 101.6c9.4 9.4 24.6 9.4 33.9 0l17-17c9.4-9.4 9.4-24.6 0-33.9L273 142.1c-9.4-9.4-24.6-9.4-34 0z\"><\/path><\/svg><\/span>\n\t\t\t<span class='e-closed'><svg aria-hidden=\"true\" class=\"e-font-icon-svg e-fas-chevron-circle-down\" viewBox=\"0 0 512 512\" xmlns=\"http:\/\/www.w3.org\/2000\/svg\"><path d=\"M504 256c0 137-111 248-248 248S8 393 8 256 119 8 256 8s248 111 248 248zM273 369.9l135.5-135.5c9.4-9.4 9.4-24.6 0-33.9l-17-17c-9.4-9.4-24.6-9.4-33.9 0L256 285.1 154.4 183.5c-9.4-9.4-24.6-9.4-33.9 0l-17 17c-9.4 9.4-9.4 24.6 0 33.9L239 369.9c9.4 9.4 24.6 9.4 34 0z\"><\/path><\/svg><\/span>\n\t\t<\/span>\n\n\t\t\t\t\t\t<\/summary>\n\t\t\t\t<div role=\"region\" aria-labelledby=\"e-n-accordion-item-1403\" class=\"elementor-element elementor-element-9f6c8ab e-flex e-con-boxed e-con e-child\" data-id=\"9f6c8ab\" data-element_type=\"container\">\n\t\t\t\t\t<div class=\"e-con-inner\">\n\t\t<div role=\"region\" aria-labelledby=\"e-n-accordion-item-1403\" class=\"elementor-element elementor-element-f528697 e-con-full e-flex e-con e-child\" data-id=\"f528697\" data-element_type=\"container\">\n\t\t\t\t<div class=\"elementor-element elementor-element-a54e2cb elementor-widget elementor-widget-text-editor\" data-id=\"a54e2cb\" data-element_type=\"widget\" data-widget_type=\"text-editor.default\">\n\t\t\t\t<div class=\"elementor-widget-container\">\n\t\t\t\t\t\t\t\t\t<p><span style=\"font-weight: 400;\">El d\u00eda jueves 08 de agosto de 2024 en el Tozuforum, ubicado en la ciudad de Pachuca de Soto, Hidalgo, se llev\u00f3 a cabo la charla t\u00e9cnica \u201cGeneralidades de asfaltos y mezclas asf\u00e1lticas\u201d impartida por los ingenieros de TADA, siendo invitados por parte del AMIVTAC Delegaci\u00f3n Hidalgo.<\/span><\/p>\t\t\t\t\t\t\t\t<\/div>\n\t\t\t\t<\/div>\n\t\t\t\t<\/div>\n\t\t<div role=\"region\" aria-labelledby=\"e-n-accordion-item-1403\" class=\"elementor-element elementor-element-71efa71 e-con-full e-flex e-con e-child\" data-id=\"71efa71\" data-element_type=\"container\">\n\t\t\t\t<div class=\"elementor-element elementor-element-4231500 elementor-widget elementor-widget-image\" data-id=\"4231500\" data-element_type=\"widget\" data-widget_type=\"image.default\">\n\t\t\t\t<div class=\"elementor-widget-container\">\n\t\t\t\t\t\t\t\t\t\t\t\t\t\t\t<img loading=\"lazy\" decoding=\"async\" width=\"800\" height=\"799\" src=\"https:\/\/tada.com.mx\/wp-content\/uploads\/2025\/03\/Hidalgo6.jpg\" class=\"attachment-large size-large wp-image-551\" alt=\"Fotograf\u00eda de la ponencia de la charla tecnica-amivtac hidalgo\" srcset=\"https:\/\/tada.com.mx\/wp-content\/uploads\/2025\/03\/Hidalgo6.jpg 941w, https:\/\/tada.com.mx\/wp-content\/uploads\/2025\/03\/Hidalgo6-300x300.jpg 300w, https:\/\/tada.com.mx\/wp-content\/uploads\/2025\/03\/Hidalgo6-150x150.jpg 150w, https:\/\/tada.com.mx\/wp-content\/uploads\/2025\/03\/Hidalgo6-768x767.jpg 768w\" sizes=\"(max-width: 800px) 100vw, 800px\" \/>\t\t\t\t\t\t\t\t\t\t\t\t\t\t\t<\/div>\n\t\t\t\t<\/div>\n\t\t\t\t<\/div>\n\t\t\t\t\t<\/div>\n\t\t\t\t<\/div>\n\t\t\t\t\t<\/details>\n\t\t\t\t\t<\/div>\n\t\t\t\t\t\t<\/div>\n\t\t\t\t<\/div>\n\t\t\t\t<\/div>\n\t\t\t\t\t<\/div>\n\t\t\t\t<\/div>\n\t\t<div class=\"elementor-element elementor-element-5e662d7 e-flex e-con-boxed e-con e-parent\" data-id=\"5e662d7\" data-element_type=\"container\">\n\t\t\t\t\t<div class=\"e-con-inner\">\n\t\t\t\t<div class=\"elementor-element elementor-element-f10e346 elementor-widget elementor-widget-spacer\" data-id=\"f10e346\" data-element_type=\"widget\" data-widget_type=\"spacer.default\">\n\t\t\t\t<div class=\"elementor-widget-container\">\n\t\t\t\t\t\t\t<div class=\"elementor-spacer\">\n\t\t\t<div class=\"elementor-spacer-inner\"><\/div>\n\t\t<\/div>\n\t\t\t\t\t\t<\/div>\n\t\t\t\t<\/div>\n\t\t\t\t\t<\/div>\n\t\t\t\t<\/div>\n\t\t\t\t<\/div>\n\t\t","protected":false},"excerpt":{"rendered":"<p>SINERGIAS: Nuestra participaci\u00f3n Explora los eventos y colaboraciones en los que hemos participado, ya sea como ponentes o asistentes. Nos enfocamos en actualizarnos continuamente, intercambiar conocimientos y fortalecer la industria a trav\u00e9s del aprendizaje y la experiencia compartida. CURSOS Y CHARLAS T\u00c9CNICAS Colaboramos con otras organizaciones para la impartici\u00f3n de cursos y charlas t\u00e9cnicas, cursos [&hellip;]<\/p>\n","protected":false},"author":1,"featured_media":0,"parent":0,"menu_order":0,"comment_status":"closed","ping_status":"closed","template":"","meta":{"footnotes":""},"class_list":["post-38","page","type-page","status-publish","hentry"],"_links":{"self":[{"href":"https:\/\/tada.com.mx\/index.php?rest_route=\/wp\/v2\/pages\/38","targetHints":{"allow":["GET"]}}],"collection":[{"href":"https:\/\/tada.com.mx\/index.php?rest_route=\/wp\/v2\/pages"}],"about":[{"href":"https:\/\/tada.com.mx\/index.php?rest_route=\/wp\/v2\/types\/page"}],"author":[{"embeddable":true,"href":"https:\/\/tada.com.mx\/index.php?rest_route=\/wp\/v2\/users\/1"}],"replies":[{"embeddable":true,"href":"https:\/\/tada.com.mx\/index.php?rest_route=%2Fwp%2Fv2%2Fcomments&post=38"}],"version-history":[{"count":19,"href":"https:\/\/tada.com.mx\/index.php?rest_route=\/wp\/v2\/pages\/38\/revisions"}],"predecessor-version":[{"id":694,"href":"https:\/\/tada.com.mx\/index.php?rest_route=\/wp\/v2\/pages\/38\/revisions\/694"}],"wp:attachment":[{"href":"https:\/\/tada.com.mx\/index.php?rest_route=%2Fwp%2Fv2%2Fmedia&parent=38"}],"curies":[{"name":"wp","href":"https:\/\/api.w.org\/{rel}","templated":true}]}}